{"id":35000,"date":"2026-04-24T16:37:16","date_gmt":"2026-04-24T14:37:16","guid":{"rendered":"https:\/\/online-bildungsakademie-berlin.de\/?page_id=35000"},"modified":"2026-04-24T21:23:08","modified_gmt":"2026-04-24T19:23:08","slug":"berufssprachkurs-b2-bamf","status":"publish","type":"page","link":"https:\/\/online-bildungsakademie-berlin.de\/tr\/berufssprachkurs-b2-bamf\/","title":{"rendered":"Berufssprachkurs &#8211; B2-BAMF"},"content":{"rendered":"<div data-elementor-type=\"wp-page\" data-elementor-id=\"35000\" class=\"elementor elementor-35000\">\n\t\t\t\t<div class=\"elementor-element elementor-element-361f242 e-con-full e-flex e-con e-parent\" data-id=\"361f242\" data-element_type=\"container\" data-e-type=\"container\">\n\t\t\t\t<div class=\"elementor-element elementor-element-2c4c9df elementor-widget elementor-widget-dl_invent_slider\" data-id=\"2c4c9df\" data-element_type=\"widget\" data-e-type=\"widget\" data-widget_type=\"dl_invent_slider.default\">\n\t\t\t\t<div class=\"elementor-widget-container\">\n\t\t\t\t\t\t\t<div id=\"invent-slider-2c4c9df\" class=\"dl-slider\" dir=\"ltr\" data-settings=\"{&quot;autoplay&quot;:false,&quot;autoplaySpeed&quot;:5000,&quot;speed&quot;:1000,&quot;direction&quot;:&quot;horizontal&quot;,&quot;effect&quot;:&quot;fade&quot;,&quot;initialSlide&quot;:0,&quot;grabCursor&quot;:false,&quot;loop&quot;:true,&quot;pauseOnHover&quot;:false,&quot;parallax&quot;:false,&quot;mousewheel&quot;:false,&quot;navigation&quot;:&quot;&quot;,&quot;pagination&quot;:&quot;&quot;,&quot;pagiStyle&quot;:&quot;style-&quot;}\">\n            <div class=\"swiper-carousel swiper-container\">\n                <div class=\"swiper-wrapper\">\n                                        <div class=\"swiper-slide elementor-repeater-item-96ddf1c\">\n                        <div class=\"slide-img-wrap\"><img decoding=\"async\" src=\"https:\/\/online-bildungsakademie-berlin.de\/wp-content\/uploads\/2026\/02\/hintergrund.png\" alt=\"Berufssprachkurs &#8211; B2-BAMF\" class=\"slide-img\" style=\"\"\/><\/div><div class=\"overlay\"><\/div>                        <div class=\"slider-content-wrap text-left\">\n                            <div class=\"content-width\">\n                                                                <div class=\"slider-content\">\n                                                <div class=\"dl-caption sub-heading\">\n            <div class=\"inner-layer\"><div class=\"dl-cap\" data-animation=\"dl-fadeIn\" data-delay=\"1000ms\" data-duration=\"1000ms\">Mesleki dil kursu - B2-BAMF<\/div><\/div>            <\/div>\n                <div class=\"dl-caption heading\">\n        <div class=\"inner-layer\"><div class=\"dl-cap\" data-animation=\"dl-fadeIn\" data-delay=\"1000ms\" data-duration=\"1000ms\">Zielgruppe: BSK <br>(Berufssprachkurs) 400 UE<\/div><\/div>        <\/div>\n                <div class=\"dl-caption desc\">\n        <div class=\"inner-layer\"><div class=\"dl-cap\" data-animation=\"dl-fadeIn\" data-delay=\"1000ms\" data-duration=\"1000ms\">Berufssprachkurse sind ein erweitertes <br>Angebot der Sprachf\u00f6rderung f\u00fcr <br>Menschen mit Migrationshintergrund.<\/div><\/div>        <\/div>\n                                            <div class=\"dl-btn-group text-masking\">\n                                        <a href=\"#\" class=\"slider-btn\" data-animation=\"dl-fadeIn\" data-delay=\"1000ms\" data-duration=\"1000ms\">Temas etmek <i class=\"fas fa-chevron-right\"><\/i><\/a>                                    <\/div>\n                                                                    <\/div>\n                            <\/div>\n                        <\/div>\n                                            <\/div>\n                                    <\/div>\n                <div class=\"slider-preloader\"><div class=\"dot-flashing\"><\/div><\/div>\n            <\/div>\n\t\t\t\t\t<\/div>\n\t\t\t\t\t\t<\/div>\n\t\t\t\t<\/div>\n\t\t\t\t<\/div>\n\t\t<div class=\"elementor-element elementor-element-7091e5d e-flex e-con-boxed e-con e-parent\" data-id=\"7091e5d\" data-element_type=\"container\" data-e-type=\"container\">\n\t\t\t\t\t<div class=\"e-con-inner\">\n\t\t<div class=\"elementor-element elementor-element-deb3fff e-con-full e-flex e-con e-child\" data-id=\"deb3fff\" data-element_type=\"container\" data-e-type=\"container\">\n\t\t\t\t<div class=\"elementor-element elementor-element-320bde4 elementor-widget elementor-widget-heading\" data-id=\"320bde4\" data-element_type=\"widget\" data-e-type=\"widget\" data-widget_type=\"heading.default\">\n\t\t\t\t\t<h2 class=\"elementor-heading-title elementor-size-default\">BERUFSSPRACHKURS<\/h2>\t\t\t\t<\/div>\n\t\t\t\t<\/div>\n\t\t\t\t\t<\/div>\n\t\t\t\t<\/div>\n\t\t<div class=\"elementor-element elementor-element-6374a71 e-flex e-con-boxed e-con e-parent\" data-id=\"6374a71\" data-element_type=\"container\" data-e-type=\"container\">\n\t\t\t\t\t<div class=\"e-con-inner\">\n\t\t<div class=\"elementor-element elementor-element-e0006c3 e-con-full e-flex e-con e-child\" data-id=\"e0006c3\" data-element_type=\"container\" data-e-type=\"container\">\n\t\t\t\t<div class=\"elementor-element elementor-element-9d60cd7 elementor-widget elementor-widget-text-editor\" data-id=\"9d60cd7\" data-element_type=\"widget\" data-e-type=\"widget\" data-widget_type=\"text-editor.default\">\n\t\t\t\t\t\t\t\t\t<h2 class=\"elementor-heading-title elementor-size-default\">Berufssprachkurse sind ein erweitertes Angebot der Sprachf\u00f6rderung f\u00fcr Menschen mit Migrationshintergrund.<\/h2>\t\t\t\t\t\t\t\t<\/div>\n\t\t\t\t<div class=\"elementor-element elementor-element-6fd9595 elementor-widget elementor-widget-text-editor\" data-id=\"6fd9595\" data-element_type=\"widget\" data-e-type=\"widget\" data-widget_type=\"text-editor.default\">\n\t\t\t\t\t\t\t\t\t<div class=\"elementor-element elementor-element-71bd72e elementor-widget elementor-widget-heading\" data-id=\"71bd72e\" data-element_type=\"widget\" data-e-type=\"widget\" data-widget_type=\"heading.default\"><div class=\"elementor-widget-container\"><h2 class=\"elementor-heading-title elementor-size-default\">Zielgruppe: BSK (Berufssprachkurs) 400 UE<\/h2><\/div><\/div><div class=\"elementor-element elementor-element-2d8c24c elementor-widget elementor-widget-text-editor\" data-id=\"2d8c24c\" data-element_type=\"widget\" data-e-type=\"widget\" data-widget_type=\"text-editor.default\"><div class=\"elementor-widget-container\"><p>Berufssprachkurse sind ein erweitertes Angebot der Sprachf\u00f6rderung f\u00fcr Menschen mit Migrationshintergrund.<\/p><p>Der Berufssprachkurs mit Ziel B2 richtet sich vornehmlich an Menschen, die einen Integrations- oder Berufssprachkurs absolviert haben und durch ein B1 Zertifikat\u00a0oder durch einen Einstufungstest Ihr Sprachniveau auf einem\u00a0 B1-Level nachweisen k\u00f6nnen.<\/p><p><strong>Voraussetzung<\/strong><\/p><p>Eine Teilnahmeberechtigung der Agentur f\u00fcr Arbeit, Ihres Jobcenters oder des BAMF.<\/p><p>F\u00fcr Arbeitssuchende werden die Kosten voll \u00fcbernommen. Auszubildende und Berufst\u00e4tige tragen evtl.\u00a0einen Eigenanteil von 50%. Wir beraten Sie gerne.<\/p><\/div><\/div>\t\t\t\t\t\t\t\t<\/div>\n\t\t\t\t<div class=\"elementor-element elementor-element-8707c35 elementor-widget__width-initial elementor-widget elementor-widget-heading\" data-id=\"8707c35\" data-element_type=\"widget\" data-e-type=\"widget\" data-widget_type=\"heading.default\">\n\t\t\t\t\t<h2 class=\"elementor-heading-title elementor-size-default\">F\u00fcr die Anmeldung ben\u00f6tigen Sie:<\/h2>\t\t\t\t<\/div>\n\t\t\t\t<div class=\"elementor-element elementor-element-da80cc0 elementor-widget elementor-widget-elementskit-stylish-list\" data-id=\"da80cc0\" data-element_type=\"widget\" data-e-type=\"widget\" data-widget_type=\"elementskit-stylish-list.default\">\n\t\t\t\t<div class=\"elementor-widget-container\">\n\t\t\t\t\t<div class=\"ekit-wid-con\">\t\t<ul class=\"ekit-stylish-list\" >\n\t\t\t\t\t\t\t<li class=\"ekit-stylish-list-content-wrapper elementor-repeater-item-f3137f1\" >\n\t\t\t\t\t\t\t\t\t\t<div class=\"ekit-stylish-list-content\">\n\t\t\t\t\t\t\t\t\t\t\t\t\t\t\t\t\t\t\t<div class=\"ekit-stylish-list-content-icon\">\n\t\t\t\t\t\t\t\t<svg class=\"ekit-svg-icon icon-right-arrow1\" viewbox=\"0 0 32 32\" xmlns=\"http:\/\/www.w3.org\/2000\/svg\"><path d=\"M20.757 16.4L8.036 2.971c-0.579-0.61-0.553-1.574 0.058-2.153 0.611-0.578 1.576-0.555 2.155 0.058l13.714 14.477c0.558 0.587 0.558 1.507 0 2.094L10.249 32.925c-0.3 0.317-0.703 0.475-1.106 0.475-0.376 0-0.753-0.139-1.048-0.418-0.611-0.579-0.637-1.544-0.058-2.153L20.757 16.4z\"><\/path><\/svg>\t\t\t\t\t\t\t<\/div>\n\t\t\t\t\t\t\t\t\t\t\t\t\t\t\t\t\t\t<div class=\"ekit-stylish-list-content-text\">\n\t\t\t\t\t\t\t<span class=\"ekit-stylish-list-content-title\">Eine Berechtigung zur Teilnahme an einem Berufssprachkurs im Original<\/span>\n\t\t\t\t\t\t\t\t\t\t\t\t\t<\/div>\n\t\t\t\t\t\t\t\t\t\t\t<\/div>\n\t\t\t\t<\/li>\n\t\t\t\t\t\t\t\t\t\t\t<li class=\"ekit-stylish-list-content-wrapper elementor-repeater-item-3732546\" >\n\t\t\t\t\t\t\t\t\t\t<div class=\"ekit-stylish-list-content\">\n\t\t\t\t\t\t\t\t\t\t\t\t\t\t\t\t\t\t\t<div class=\"ekit-stylish-list-content-icon\">\n\t\t\t\t\t\t\t\t<svg class=\"ekit-svg-icon icon-right-arrow1\" viewbox=\"0 0 32 32\" xmlns=\"http:\/\/www.w3.org\/2000\/svg\"><path d=\"M20.757 16.4L8.036 2.971c-0.579-0.61-0.553-1.574 0.058-2.153 0.611-0.578 1.576-0.555 2.155 0.058l13.714 14.477c0.558 0.587 0.558 1.507 0 2.094L10.249 32.925c-0.3 0.317-0.703 0.475-1.106 0.475-0.376 0-0.753-0.139-1.048-0.418-0.611-0.579-0.637-1.544-0.058-2.153L20.757 16.4z\"><\/path><\/svg>\t\t\t\t\t\t\t<\/div>\n\t\t\t\t\t\t\t\t\t\t\t\t\t\t\t\t\t\t<div class=\"ekit-stylish-list-content-text\">\n\t\t\t\t\t\t\t<span class=\"ekit-stylish-list-content-title\">Ihren Ausweis\/Pass\/Aufenthaltstitel<\/span>\n\t\t\t\t\t\t\t\t\t\t\t\t\t<\/div>\n\t\t\t\t\t\t\t\t\t\t\t<\/div>\n\t\t\t\t<\/li>\n\t\t\t\t\t\t\t\t\t\t\t<li class=\"ekit-stylish-list-content-wrapper elementor-repeater-item-80e28f6\" >\n\t\t\t\t\t\t\t\t\t\t<div class=\"ekit-stylish-list-content\">\n\t\t\t\t\t\t\t\t\t\t\t\t\t\t\t\t\t\t\t<div class=\"ekit-stylish-list-content-icon\">\n\t\t\t\t\t\t\t\t<svg class=\"ekit-svg-icon icon-right-arrow1\" viewbox=\"0 0 32 32\" xmlns=\"http:\/\/www.w3.org\/2000\/svg\"><path d=\"M20.757 16.4L8.036 2.971c-0.579-0.61-0.553-1.574 0.058-2.153 0.611-0.578 1.576-0.555 2.155 0.058l13.714 14.477c0.558 0.587 0.558 1.507 0 2.094L10.249 32.925c-0.3 0.317-0.703 0.475-1.106 0.475-0.376 0-0.753-0.139-1.048-0.418-0.611-0.579-0.637-1.544-0.058-2.153L20.757 16.4z\"><\/path><\/svg>\t\t\t\t\t\t\t<\/div>\n\t\t\t\t\t\t\t\t\t\t\t\t\t\t\t\t\t\t<div class=\"ekit-stylish-list-content-text\">\n\t\t\t\t\t\t\t<span class=\"ekit-stylish-list-content-title\">Ihre Meldebest\u00e4tigung<\/span>\n\t\t\t\t\t\t\t\t\t\t\t\t\t<\/div>\n\t\t\t\t\t\t\t\t\t\t\t<\/div>\n\t\t\t\t<\/li>\n\t\t\t\t\t\t\t\t\t\t\t<li class=\"ekit-stylish-list-content-wrapper elementor-repeater-item-b4e3cb2\" >\n\t\t\t\t\t\t\t\t\t\t<div class=\"ekit-stylish-list-content\">\n\t\t\t\t\t\t\t\t\t\t\t\t\t\t\t\t\t\t\t<div class=\"ekit-stylish-list-content-icon\">\n\t\t\t\t\t\t\t\t<svg class=\"ekit-svg-icon icon-right-arrow1\" viewbox=\"0 0 32 32\" xmlns=\"http:\/\/www.w3.org\/2000\/svg\"><path d=\"M20.757 16.4L8.036 2.971c-0.579-0.61-0.553-1.574 0.058-2.153 0.611-0.578 1.576-0.555 2.155 0.058l13.714 14.477c0.558 0.587 0.558 1.507 0 2.094L10.249 32.925c-0.3 0.317-0.703 0.475-1.106 0.475-0.376 0-0.753-0.139-1.048-0.418-0.611-0.579-0.637-1.544-0.058-2.153L20.757 16.4z\"><\/path><\/svg>\t\t\t\t\t\t\t<\/div>\n\t\t\t\t\t\t\t\t\t\t\t\t\t\t\t\t\t\t<div class=\"ekit-stylish-list-content-text\">\n\t\t\t\t\t\t\t<span class=\"ekit-stylish-list-content-title\">Ihr DTZ oder B1 Zertifikat, das nicht \u00e4lter als 6 Monate sein darf.<\/span>\n\t\t\t\t\t\t\t\t\t\t\t\t\t<\/div>\n\t\t\t\t\t\t\t\t\t\t\t<\/div>\n\t\t\t\t<\/li>\n\t\t\t\t\t\t\t\t\t<\/ul>\n\t<\/div>\t\t\t\t<\/div>\n\t\t\t\t<\/div>\n\t\t\t\t<div class=\"elementor-element elementor-element-a0f53d5 elementor-widget elementor-widget-text-editor\" data-id=\"a0f53d5\" data-element_type=\"widget\" data-e-type=\"widget\" data-widget_type=\"text-editor.default\">\n\t\t\t\t\t\t\t\t\t<p><strong>Einstufung<br \/><\/strong>Wenn Sie <span style=\"text-decoration: underline;\">kein Zertifikat<\/span> besitzen oder<strong> Ihr Zertifikat schon \u00e4lter ist als 6 Monate,<\/strong> m\u00fcssen Sie einen Einstufungstest ablegen.<\/p><p><strong>Der Test besteht aus einem schriftlichen und einem m\u00fcndlichen Teil.<\/strong><\/p>\t\t\t\t\t\t\t\t<\/div>\n\t\t\t\t<\/div>\n\t\t\t\t\t<\/div>\n\t\t\t\t<\/div>\n\t\t<div class=\"elementor-element elementor-element-e52c9f2 e-flex e-con-boxed e-con e-parent\" data-id=\"e52c9f2\" data-element_type=\"container\" data-e-type=\"container\">\n\t\t\t\t\t<div class=\"e-con-inner\">\n\t\t<div class=\"elementor-element elementor-element-be3339e e-con-full e-flex e-con e-child\" data-id=\"be3339e\" data-element_type=\"container\" data-e-type=\"container\">\n\t\t\t\t<div class=\"elementor-element elementor-element-49e2fa2 elementor-widget elementor-widget-heading\" data-id=\"49e2fa2\" data-element_type=\"widget\" data-e-type=\"widget\" data-widget_type=\"heading.default\">\n\t\t\t\t\t<h2 class=\"elementor-heading-title elementor-size-default\">Teilnahmevoraussetzung<\/h2>\t\t\t\t<\/div>\n\t\t\t\t<\/div>\n\t\t\t\t\t<\/div>\n\t\t\t\t<\/div>\n\t\t<div class=\"elementor-element elementor-element-de32af3 e-flex e-con-boxed e-con e-parent\" data-id=\"de32af3\" data-element_type=\"container\" data-e-type=\"container\">\n\t\t\t\t\t<div class=\"e-con-inner\">\n\t\t<div class=\"elementor-element elementor-element-a1061dd e-con-full e-flex e-con e-child\" data-id=\"a1061dd\" data-element_type=\"container\" data-e-type=\"container\">\n\t\t\t\t<div class=\"elementor-element elementor-element-56e736c elementor-widget elementor-widget-text-editor\" data-id=\"56e736c\" data-element_type=\"widget\" data-e-type=\"widget\" data-widget_type=\"text-editor.default\">\n\t\t\t\t\t\t\t\t\t<p><span style=\"text-decoration: underline;\">Absolvierter Integrationskurs und\/oder Deutschsprachkenntnisse<\/span> auf <strong>A1, A2, B1, B2 oder C1 Niveau<\/strong> nach dem Gemeinsamen <strong>Europ\u00e4ischen Referenzrahmen (GER).<\/strong> F\u00fcr einen Besuch der Kurse mit Zielsprachniveau A2 und B1 ist der vorherige Integrationskursbesuch inkl. abgelegtem Deutschtest f\u00fcr Zuwanderer erforderlich.<\/p>\t\t\t\t\t\t\t\t<\/div>\n\t\t\t\t<div class=\"elementor-element elementor-element-ca65d55 elementor-widget elementor-widget-elementskit-stylish-list\" data-id=\"ca65d55\" data-element_type=\"widget\" data-e-type=\"widget\" data-widget_type=\"elementskit-stylish-list.default\">\n\t\t\t\t<div class=\"elementor-widget-container\">\n\t\t\t\t\t<div class=\"ekit-wid-con\">\t\t<ul class=\"ekit-stylish-list\" >\n\t\t\t\t\t\t\t<li class=\"ekit-stylish-list-content-wrapper elementor-repeater-item-f3137f1\" >\n\t\t\t\t\t\t\t\t\t\t<div class=\"ekit-stylish-list-content\">\n\t\t\t\t\t\t\t\t\t\t\t\t\t\t\t\t\t\t\t<div class=\"ekit-stylish-list-content-icon\">\n\t\t\t\t\t\t\t\t<svg class=\"ekit-svg-icon icon-right-arrow1\" viewbox=\"0 0 32 32\" xmlns=\"http:\/\/www.w3.org\/2000\/svg\"><path d=\"M20.757 16.4L8.036 2.971c-0.579-0.61-0.553-1.574 0.058-2.153 0.611-0.578 1.576-0.555 2.155 0.058l13.714 14.477c0.558 0.587 0.558 1.507 0 2.094L10.249 32.925c-0.3 0.317-0.703 0.475-1.106 0.475-0.376 0-0.753-0.139-1.048-0.418-0.611-0.579-0.637-1.544-0.058-2.153L20.757 16.4z\"><\/path><\/svg>\t\t\t\t\t\t\t<\/div>\n\t\t\t\t\t\t\t\t\t\t\t\t\t\t\t\t\t\t<div class=\"ekit-stylish-list-content-text\">\n\t\t\t\t\t\t\t<span class=\"ekit-stylish-list-content-title\">Personen mit Migrationshintergrund und Bedarf an sprachlicher Weiterqualifizierung, die arbeitssuchend gemeldet sind<\/span>\n\t\t\t\t\t\t\t\t\t\t\t\t\t<\/div>\n\t\t\t\t\t\t\t\t\t\t\t<\/div>\n\t\t\t\t<\/li>\n\t\t\t\t\t\t\t\t\t\t\t<li class=\"ekit-stylish-list-content-wrapper elementor-repeater-item-3732546\" >\n\t\t\t\t\t\t\t\t\t\t<div class=\"ekit-stylish-list-content\">\n\t\t\t\t\t\t\t\t\t\t\t\t\t\t\t\t\t\t\t<div class=\"ekit-stylish-list-content-icon\">\n\t\t\t\t\t\t\t\t<svg class=\"ekit-svg-icon icon-right-arrow1\" viewbox=\"0 0 32 32\" xmlns=\"http:\/\/www.w3.org\/2000\/svg\"><path d=\"M20.757 16.4L8.036 2.971c-0.579-0.61-0.553-1.574 0.058-2.153 0.611-0.578 1.576-0.555 2.155 0.058l13.714 14.477c0.558 0.587 0.558 1.507 0 2.094L10.249 32.925c-0.3 0.317-0.703 0.475-1.106 0.475-0.376 0-0.753-0.139-1.048-0.418-0.611-0.579-0.637-1.544-0.058-2.153L20.757 16.4z\"><\/path><\/svg>\t\t\t\t\t\t\t<\/div>\n\t\t\t\t\t\t\t\t\t\t\t\t\t\t\t\t\t\t<div class=\"ekit-stylish-list-content-text\">\n\t\t\t\t\t\t\t<span class=\"ekit-stylish-list-content-title\">und\/oder Leistungen nach SGB II (Hartz IV) oder SGB III (Arbeitslosengeld) beziehen<\/span>\n\t\t\t\t\t\t\t\t\t\t\t\t\t<\/div>\n\t\t\t\t\t\t\t\t\t\t\t<\/div>\n\t\t\t\t<\/li>\n\t\t\t\t\t\t\t\t\t\t\t<li class=\"ekit-stylish-list-content-wrapper elementor-repeater-item-80e28f6\" >\n\t\t\t\t\t\t\t\t\t\t<div class=\"ekit-stylish-list-content\">\n\t\t\t\t\t\t\t\t\t\t\t\t\t\t\t\t\t\t\t<div class=\"ekit-stylish-list-content-icon\">\n\t\t\t\t\t\t\t\t<svg class=\"ekit-svg-icon icon-right-arrow1\" viewbox=\"0 0 32 32\" xmlns=\"http:\/\/www.w3.org\/2000\/svg\"><path d=\"M20.757 16.4L8.036 2.971c-0.579-0.61-0.553-1.574 0.058-2.153 0.611-0.578 1.576-0.555 2.155 0.058l13.714 14.477c0.558 0.587 0.558 1.507 0 2.094L10.249 32.925c-0.3 0.317-0.703 0.475-1.106 0.475-0.376 0-0.753-0.139-1.048-0.418-0.611-0.579-0.637-1.544-0.058-2.153L20.757 16.4z\"><\/path><\/svg>\t\t\t\t\t\t\t<\/div>\n\t\t\t\t\t\t\t\t\t\t\t\t\t\t\t\t\t\t<div class=\"ekit-stylish-list-content-text\">\n\t\t\t\t\t\t\t<span class=\"ekit-stylish-list-content-title\">Azubis, bzw. Ausbildungssuchende mit Migrationshintergrund und Bedarf an sprachlicher Weiterqualifizierung<\/span>\n\t\t\t\t\t\t\t\t\t\t\t\t\t<\/div>\n\t\t\t\t\t\t\t\t\t\t\t<\/div>\n\t\t\t\t<\/li>\n\t\t\t\t\t\t\t\t\t\t\t<li class=\"ekit-stylish-list-content-wrapper elementor-repeater-item-b4e3cb2\" >\n\t\t\t\t\t\t\t\t\t\t<div class=\"ekit-stylish-list-content\">\n\t\t\t\t\t\t\t\t\t\t\t\t\t\t\t\t\t\t\t<div class=\"ekit-stylish-list-content-icon\">\n\t\t\t\t\t\t\t\t<svg class=\"ekit-svg-icon icon-right-arrow1\" viewbox=\"0 0 32 32\" xmlns=\"http:\/\/www.w3.org\/2000\/svg\"><path d=\"M20.757 16.4L8.036 2.971c-0.579-0.61-0.553-1.574 0.058-2.153 0.611-0.578 1.576-0.555 2.155 0.058l13.714 14.477c0.558 0.587 0.558 1.507 0 2.094L10.249 32.925c-0.3 0.317-0.703 0.475-1.106 0.475-0.376 0-0.753-0.139-1.048-0.418-0.611-0.579-0.637-1.544-0.058-2.153L20.757 16.4z\"><\/path><\/svg>\t\t\t\t\t\t\t<\/div>\n\t\t\t\t\t\t\t\t\t\t\t\t\t\t\t\t\t\t<div class=\"ekit-stylish-list-content-text\">\n\t\t\t\t\t\t\t<span class=\"ekit-stylish-list-content-title\">Personen, mit Migrationshintergrund und Bedarf an sprachlicher Weiterqualifizierung, die das Anerkennungsverfahren f\u00fcr Ihren Berufs- bzw. Ausbildungsabschluss durchlaufen<\/span>\n\t\t\t\t\t\t\t\t\t\t\t\t\t<\/div>\n\t\t\t\t\t\t\t\t\t\t\t<\/div>\n\t\t\t\t<\/li>\n\t\t\t\t\t\t\t\t\t<\/ul>\n\t<\/div>\t\t\t\t<\/div>\n\t\t\t\t<\/div>\n\t\t\t\t<div class=\"elementor-element elementor-element-c94a2cf elementor-widget elementor-widget-heading\" data-id=\"c94a2cf\" data-element_type=\"widget\" data-e-type=\"widget\" data-widget_type=\"heading.default\">\n\t\t\t\t\t<h2 class=\"elementor-heading-title elementor-size-default\">Migrationshintergrund umfasst:<\/h2>\t\t\t\t<\/div>\n\t\t\t\t<div class=\"elementor-element elementor-element-c308c7d elementor-widget elementor-widget-elementskit-stylish-list\" data-id=\"c308c7d\" data-element_type=\"widget\" data-e-type=\"widget\" data-widget_type=\"elementskit-stylish-list.default\">\n\t\t\t\t<div class=\"elementor-widget-container\">\n\t\t\t\t\t<div class=\"ekit-wid-con\">\t\t<ul class=\"ekit-stylish-list\" >\n\t\t\t\t\t\t\t<li class=\"ekit-stylish-list-content-wrapper elementor-repeater-item-f3137f1\" >\n\t\t\t\t\t\t\t\t\t\t<div class=\"ekit-stylish-list-content\">\n\t\t\t\t\t\t\t\t\t\t\t\t\t\t\t\t\t\t\t<div class=\"ekit-stylish-list-content-icon\">\n\t\t\t\t\t\t\t\t<svg class=\"ekit-svg-icon icon-right-arrow1\" viewbox=\"0 0 32 32\" xmlns=\"http:\/\/www.w3.org\/2000\/svg\"><path d=\"M20.757 16.4L8.036 2.971c-0.579-0.61-0.553-1.574 0.058-2.153 0.611-0.578 1.576-0.555 2.155 0.058l13.714 14.477c0.558 0.587 0.558 1.507 0 2.094L10.249 32.925c-0.3 0.317-0.703 0.475-1.106 0.475-0.376 0-0.753-0.139-1.048-0.418-0.611-0.579-0.637-1.544-0.058-2.153L20.757 16.4z\"><\/path><\/svg>\t\t\t\t\t\t\t<\/div>\n\t\t\t\t\t\t\t\t\t\t\t\t\t\t\t\t\t\t<div class=\"ekit-stylish-list-content-text\">\n\t\t\t\t\t\t\t<span class=\"ekit-stylish-list-content-title\">Zugewanderte, einschlie\u00dflich der Gefl\u00fcchteten, die sich im Anerkennungsverfahren befinden und eine gute Bleibeperspektive haben (letzteres gilt vor allem f\u00fcr die vier Herkunftsl\u00e4nder Syrien, Iran, Irak und Eritrea). Ausgeschlossen sind Fl\u00fcchtlinge aus sicheren Herkunftsl\u00e4ndern.<\/span>\n\t\t\t\t\t\t\t\t\t\t\t\t\t<\/div>\n\t\t\t\t\t\t\t\t\t\t\t<\/div>\n\t\t\t\t<\/li>\n\t\t\t\t\t\t\t\t\t\t\t<li class=\"ekit-stylish-list-content-wrapper elementor-repeater-item-3732546\" >\n\t\t\t\t\t\t\t\t\t\t<div class=\"ekit-stylish-list-content\">\n\t\t\t\t\t\t\t\t\t\t\t\t\t\t\t\t\t\t\t<div class=\"ekit-stylish-list-content-icon\">\n\t\t\t\t\t\t\t\t<svg class=\"ekit-svg-icon icon-right-arrow1\" viewbox=\"0 0 32 32\" xmlns=\"http:\/\/www.w3.org\/2000\/svg\"><path d=\"M20.757 16.4L8.036 2.971c-0.579-0.61-0.553-1.574 0.058-2.153 0.611-0.578 1.576-0.555 2.155 0.058l13.714 14.477c0.558 0.587 0.558 1.507 0 2.094L10.249 32.925c-0.3 0.317-0.703 0.475-1.106 0.475-0.376 0-0.753-0.139-1.048-0.418-0.611-0.579-0.637-1.544-0.058-2.153L20.757 16.4z\"><\/path><\/svg>\t\t\t\t\t\t\t<\/div>\n\t\t\t\t\t\t\t\t\t\t\t\t\t\t\t\t\t\t<div class=\"ekit-stylish-list-content-text\">\n\t\t\t\t\t\t\t<span class=\"ekit-stylish-list-content-title\">B\u00fcrgerinnen und B\u00fcrger der EU,<\/span>\n\t\t\t\t\t\t\t\t\t\t\t\t\t<\/div>\n\t\t\t\t\t\t\t\t\t\t\t<\/div>\n\t\t\t\t<\/li>\n\t\t\t\t\t\t\t\t\t\t\t<li class=\"ekit-stylish-list-content-wrapper elementor-repeater-item-80e28f6\" >\n\t\t\t\t\t\t\t\t\t\t<div class=\"ekit-stylish-list-content\">\n\t\t\t\t\t\t\t\t\t\t\t\t\t\t\t\t\t\t\t<div class=\"ekit-stylish-list-content-icon\">\n\t\t\t\t\t\t\t\t<svg class=\"ekit-svg-icon icon-right-arrow1\" viewbox=\"0 0 32 32\" xmlns=\"http:\/\/www.w3.org\/2000\/svg\"><path d=\"M20.757 16.4L8.036 2.971c-0.579-0.61-0.553-1.574 0.058-2.153 0.611-0.578 1.576-0.555 2.155 0.058l13.714 14.477c0.558 0.587 0.558 1.507 0 2.094L10.249 32.925c-0.3 0.317-0.703 0.475-1.106 0.475-0.376 0-0.753-0.139-1.048-0.418-0.611-0.579-0.637-1.544-0.058-2.153L20.757 16.4z\"><\/path><\/svg>\t\t\t\t\t\t\t<\/div>\n\t\t\t\t\t\t\t\t\t\t\t\t\t\t\t\t\t\t<div class=\"ekit-stylish-list-content-text\">\n\t\t\t\t\t\t\t<span class=\"ekit-stylish-list-content-title\">Deutsche mit Migrationshintergrund<\/span>\n\t\t\t\t\t\t\t\t\t\t\t\t\t<\/div>\n\t\t\t\t\t\t\t\t\t\t\t<\/div>\n\t\t\t\t<\/li>\n\t\t\t\t\t\t\t\t\t<\/ul>\n\t<\/div>\t\t\t\t<\/div>\n\t\t\t\t<\/div>\n\t\t\t\t<div class=\"elementor-element elementor-element-86e3e31 elementor-widget elementor-widget-text-editor\" data-id=\"86e3e31\" data-element_type=\"widget\" data-e-type=\"widget\" data-widget_type=\"text-editor.default\">\n\t\t\t\t\t\t\t\t\t<div class=\"elementor-element elementor-element-71bd72e elementor-widget elementor-widget-heading\" data-id=\"71bd72e\" data-element_type=\"widget\" data-e-type=\"widget\" data-widget_type=\"heading.default\"><div class=\"elementor-widget-container\"><h2 class=\"elementor-heading-title elementor-size-default\">Inhalte<\/h2><\/div><\/div><div class=\"elementor-element elementor-element-2d8c24c elementor-widget elementor-widget-text-editor\" data-id=\"2d8c24c\" data-element_type=\"widget\" data-e-type=\"widget\" data-widget_type=\"text-editor.default\"><div class=\"elementor-widget-container\"><p><strong>Der Kurs B2 umfasst 400 Unterrichtseinheiten<\/strong>\u00a0und hat das Ziel, das\u00a0<strong>Sprachniveau B2<\/strong>\u00a0des Gemeinsamen Europ\u00e4ischen Referenzrahmens (GER) zu erreichen. <br \/><br \/>Der Sprachunterricht hat eine allgemeine berufliche Ausrichtung. In dem sogenannten Br\u00fcckenelement B1\/B2 werden zum Kursbeginn die bereits bekannten B1-Inhalte aus dem Integrationskurs oder B1 Berufssprachkurs mit berufsweltlichen Kontexten\u00a0<strong>in 100 Unterrichtseinheiten (UE)<\/strong>\u00a0wiederholt und gefestigt, um die Teilnehmenden besser als bisher auf die Anforderungen des B2-Basiskurses vorzubereiten.<\/p><\/div><\/div>\t\t\t\t\t\t\t\t<\/div>\n\t\t\t\t<\/div>\n\t\t\t\t\t<\/div>\n\t\t\t\t<\/div>\n\t\t<div class=\"elementor-element elementor-element-1724c3c e-flex e-con-boxed e-con e-parent\" data-id=\"1724c3c\" data-element_type=\"container\" data-e-type=\"container\">\n\t\t\t\t\t<div class=\"e-con-inner\">\n\t\t\t\t<div class=\"elementor-element elementor-element-05bc290 elementor-widget elementor-widget-elementskit-heading\" data-id=\"05bc290\" data-element_type=\"widget\" data-e-type=\"widget\" data-widget_type=\"elementskit-heading.default\">\n\t\t\t\t\t<div class=\"ekit-wid-con\" ><div class=\"ekit-heading elementskit-section-title-wraper text_center   ekit_heading_tablet-   ekit_heading_mobile-\"><h2 class=\"ekit-heading--title elementskit-section-title\">Hier finden Sie alle Termine f\u00fcr unseren <span><span>BSK- Berufssprachkurs B2 Termine<\/span><\/span><\/h2><\/div><\/div>\t\t\t\t<\/div>\n\t\t\t\t<div class=\"elementor-element elementor-element-21c8799 elementor-widget elementor-widget-text-editor\" data-id=\"21c8799\" data-element_type=\"widget\" data-e-type=\"widget\" data-widget_type=\"text-editor.default\">\n\t\t\t\t\t\t\t\t\t<p>Berufssprachkurs mit Zielsprachniveau B2<\/p>\t\t\t\t\t\t\t\t<\/div>\n\t\t\t\t\t<\/div>\n\t\t\t\t<\/div>\n\t\t<div class=\"elementor-element elementor-element-6a8fdf0 e-flex e-con-boxed e-con e-parent\" data-id=\"6a8fdf0\" data-element_type=\"container\" data-e-type=\"container\">\n\t\t\t\t\t<div class=\"e-con-inner\">\n\t\t<div class=\"elementor-element elementor-element-34d18f7 e-con-full e-flex e-con e-child\" data-id=\"34d18f7\" data-element_type=\"container\" data-e-type=\"container\" data-settings=\"{&quot;background_background&quot;:&quot;classic&quot;}\">\n\t\t<div class=\"elementor-element elementor-element-dca4b31 e-con-full e-flex e-con e-child\" data-id=\"dca4b31\" data-element_type=\"container\" data-e-type=\"container\" data-settings=\"{&quot;background_background&quot;:&quot;gradient&quot;}\">\n\t\t\t\t<div class=\"elementor-element elementor-element-35b6c6d elementor-view-default elementor-position-block-start elementor-mobile-position-block-start elementor-widget elementor-widget-icon-box\" data-id=\"35b6c6d\" data-element_type=\"widget\" data-e-type=\"widget\" data-widget_type=\"icon-box.default\">\n\t\t\t\t\t\t\t<div class=\"elementor-icon-box-wrapper\">\n\n\t\t\t\t\t\t<div class=\"elementor-icon-box-icon\">\n\t\t\t\t<span  class=\"elementor-icon\">\n\t\t\t\t<i aria-hidden=\"true\" class=\"tk tk-street-view\"><\/i>\t\t\t\t<\/span>\n\t\t\t<\/div>\n\t\t\t\n\t\t\t\t\t\t<div class=\"elementor-icon-box-content\">\n\n\t\t\t\t\t\t\t\t\t<h3 class=\"elementor-icon-box-title\">\n\t\t\t\t\t\t<span  >\n\t\t\t\t\t\t\tBSK- Berufssprachkurs B2 -Pr\u00e4senz\t\t\t\t\t\t<\/span>\n\t\t\t\t\t<\/h3>\n\t\t\t\t\n\t\t\t\t\t\t\t\t\t<p class=\"elementor-icon-box-description\">\n\t\t\t\t\t\tBerufssprachkurs mit Zielsprachniveau B2\n<strong>4UE<br> ( 09:00 - 12:30 )<br>15.12.2025 - 26.05.2026<\/strong>\t\t\t\t\t<\/p>\n\t\t\t\t\n\t\t\t<\/div>\n\t\t\t\n\t\t<\/div>\n\t\t\t\t\t\t<\/div>\n\t\t\t\t<\/div>\n\t\t\t\t<\/div>\n\t\t<div class=\"elementor-element elementor-element-e97c886 e-con-full e-flex e-con e-child\" data-id=\"e97c886\" data-element_type=\"container\" data-e-type=\"container\" data-settings=\"{&quot;background_background&quot;:&quot;classic&quot;}\">\n\t\t<div class=\"elementor-element elementor-element-a0d3e23 e-con-full e-flex e-con e-child\" data-id=\"a0d3e23\" data-element_type=\"container\" data-e-type=\"container\" data-settings=\"{&quot;background_background&quot;:&quot;gradient&quot;}\">\n\t\t\t\t<div class=\"elementor-element elementor-element-0afa645 elementor-view-default elementor-position-block-start elementor-mobile-position-block-start elementor-widget elementor-widget-icon-box\" data-id=\"0afa645\" data-element_type=\"widget\" data-e-type=\"widget\" data-widget_type=\"icon-box.default\">\n\t\t\t\t\t\t\t<div class=\"elementor-icon-box-wrapper\">\n\n\t\t\t\t\t\t<div class=\"elementor-icon-box-icon\">\n\t\t\t\t<span  class=\"elementor-icon\">\n\t\t\t\t<i aria-hidden=\"true\" class=\"tk tk-street-view\"><\/i>\t\t\t\t<\/span>\n\t\t\t<\/div>\n\t\t\t\n\t\t\t\t\t\t<div class=\"elementor-icon-box-content\">\n\n\t\t\t\t\t\t\t\t\t<h3 class=\"elementor-icon-box-title\">\n\t\t\t\t\t\t<span  >\n\t\t\t\t\t\t\tBSK- Berufssprachkurs B2 -Online\t\t\t\t\t\t<\/span>\n\t\t\t\t\t<\/h3>\n\t\t\t\t\n\t\t\t\t\t\t\t\t\t<p class=\"elementor-icon-box-description\">\n\t\t\t\t\t\tBerufssprachkurs mit Zielsprachniveau B2\n<strong>4UE<br> ( 09:00 - 12:30 )<br>23.02.2026 - 23.07.2026<\/strong>\t\t\t\t\t<\/p>\n\t\t\t\t\n\t\t\t<\/div>\n\t\t\t\n\t\t<\/div>\n\t\t\t\t\t\t<\/div>\n\t\t\t\t<\/div>\n\t\t\t\t<\/div>\n\t\t<div class=\"elementor-element elementor-element-957c2b0 e-con-full e-flex e-con e-child\" data-id=\"957c2b0\" data-element_type=\"container\" data-e-type=\"container\" data-settings=\"{&quot;background_background&quot;:&quot;classic&quot;}\">\n\t\t<div class=\"elementor-element elementor-element-d89c179 e-con-full e-flex e-con e-child\" data-id=\"d89c179\" data-element_type=\"container\" data-e-type=\"container\" data-settings=\"{&quot;background_background&quot;:&quot;gradient&quot;}\">\n\t\t\t\t<div class=\"elementor-element elementor-element-d245ff0 elementor-view-default elementor-position-block-start elementor-mobile-position-block-start elementor-widget elementor-widget-icon-box\" data-id=\"d245ff0\" data-element_type=\"widget\" data-e-type=\"widget\" data-widget_type=\"icon-box.default\">\n\t\t\t\t\t\t\t<div class=\"elementor-icon-box-wrapper\">\n\n\t\t\t\t\t\t<div class=\"elementor-icon-box-icon\">\n\t\t\t\t<span  class=\"elementor-icon\">\n\t\t\t\t<i aria-hidden=\"true\" class=\"tk tk-street-view\"><\/i>\t\t\t\t<\/span>\n\t\t\t<\/div>\n\t\t\t\n\t\t\t\t\t\t<div class=\"elementor-icon-box-content\">\n\n\t\t\t\t\t\t\t\t\t<h3 class=\"elementor-icon-box-title\">\n\t\t\t\t\t\t<span  >\n\t\t\t\t\t\t\tBSK- Berufssprachkurs B2 -Online\t\t\t\t\t\t<\/span>\n\t\t\t\t\t<\/h3>\n\t\t\t\t\n\t\t\t\t\t\t\t\t\t<p class=\"elementor-icon-box-description\">\n\t\t\t\t\t\tBerufssprachkurs mit Zielsprachniveau B2\n<strong>4UE<br> ( 09:00 - 12:30 )<br>18.05.2026 - 19.10.2026<\/strong>\t\t\t\t\t<\/p>\n\t\t\t\t\n\t\t\t<\/div>\n\t\t\t\n\t\t<\/div>\n\t\t\t\t\t\t<\/div>\n\t\t\t\t<\/div>\n\t\t\t\t<\/div>\n\t\t\t\t\t<\/div>\n\t\t\t\t<\/div>\n\t\t\t\t<\/div>","protected":false},"excerpt":{"rendered":"<p>Berufssprachkurs &#8211; B2-BAMF Zielgruppe: BSK (Berufssprachkurs) 400 UE Berufssprachkurse sind ein erweitertes Angebot der Sprachf\u00f6rderung f\u00fcr Menschen mit Migrationshintergrund. Kontakt BERUFSSPRACHKURS Berufssprachkurse sind ein erweitertes Angebot der Sprachf\u00f6rderung f\u00fcr Menschen mit Migrationshintergrund. Zielgruppe: BSK (Berufssprachkurs) 400 UE Berufssprachkurse sind ein &hellip; <\/p>","protected":false},"author":1,"featured_media":0,"parent":0,"menu_order":0,"comment_status":"closed","ping_status":"closed","template":"elementor_header_footer","meta":{"footnotes":""},"class_list":["post-35000","page","type-page","status-publish","hentry"],"_links":{"self":[{"href":"https:\/\/online-bildungsakademie-berlin.de\/tr\/wp-json\/wp\/v2\/pages\/35000","targetHints":{"allow":["GET"]}}],"collection":[{"href":"https:\/\/online-bildungsakademie-berlin.de\/tr\/wp-json\/wp\/v2\/pages"}],"about":[{"href":"https:\/\/online-bildungsakademie-berlin.de\/tr\/wp-json\/wp\/v2\/types\/page"}],"author":[{"embeddable":true,"href":"https:\/\/online-bildungsakademie-berlin.de\/tr\/wp-json\/wp\/v2\/users\/1"}],"replies":[{"embeddable":true,"href":"https:\/\/online-bildungsakademie-berlin.de\/tr\/wp-json\/wp\/v2\/comments?post=35000"}],"version-history":[{"count":37,"href":"https:\/\/online-bildungsakademie-berlin.de\/tr\/wp-json\/wp\/v2\/pages\/35000\/revisions"}],"predecessor-version":[{"id":35048,"href":"https:\/\/online-bildungsakademie-berlin.de\/tr\/wp-json\/wp\/v2\/pages\/35000\/revisions\/35048"}],"wp:attachment":[{"href":"https:\/\/online-bildungsakademie-berlin.de\/tr\/wp-json\/wp\/v2\/media?parent=35000"}],"curies":[{"name":"wp","href":"https:\/\/api.w.org\/{rel}","templated":true}]}}