{"id":35055,"date":"2026-04-24T21:57:19","date_gmt":"2026-04-24T19:57:19","guid":{"rendered":"https:\/\/online-bildungsakademie-berlin.de\/?post_type=lp_course&#038;p=35055"},"modified":"2026-04-24T22:20:49","modified_gmt":"2026-04-24T20:20:49","slug":"deutsch-fuer-pflegeberufe","status":"publish","type":"lp_course","link":"https:\/\/online-bildungsakademie-berlin.de\/en\/courses\/deutsch-fuer-pflegeberufe\/","title":{"rendered":"Deutsch f\u00fcr Pflegeberufe"},"content":{"rendered":"\t\t<div data-elementor-type=\"wp-post\" data-elementor-id=\"35055\" class=\"elementor elementor-35055\">\n\t\t\t\t<div class=\"elementor-element elementor-element-abcfa0c e-flex e-con-boxed e-con e-parent\" data-id=\"abcfa0c\" data-element_type=\"container\" data-e-type=\"container\">\n\t\t\t\t\t<div class=\"e-con-inner\">\n\t\t<div class=\"elementor-element elementor-element-7c1f70f e-con-full e-flex e-con e-child\" data-id=\"7c1f70f\" data-element_type=\"container\" data-e-type=\"container\">\n\t\t\t\t<div class=\"elementor-element elementor-element-2aa4e4a elementor-widget__width-initial elementor-widget elementor-widget-n-accordion\" data-id=\"2aa4e4a\" data-element_type=\"widget\" data-e-type=\"widget\" data-settings=\"{&quot;default_state&quot;:&quot;all_collapsed&quot;,&quot;max_items_expended&quot;:&quot;one&quot;,&quot;n_accordion_animation_duration&quot;:{&quot;unit&quot;:&quot;ms&quot;,&quot;size&quot;:400,&quot;sizes&quot;:[]}}\" data-widget_type=\"nested-accordion.default\">\n\t\t\t\t\t\t\t<div class=\"e-n-accordion\" aria-label=\"Accordion. Open links with Enter or Space, close with Escape, and navigate with Arrow Keys\">\n\t\t\t\t\t\t<details id=\"e-n-accordion-item-4470\" class=\"e-n-accordion-item\" >\n\t\t\t\t<summary class=\"e-n-accordion-item-title\" data-accordion-index=\"1\" tabindex=\"0\" aria-expanded=\"false\" aria-controls=\"e-n-accordion-item-4470\" >\n\t\t\t\t\t<span class='e-n-accordion-item-title-header'><div class=\"e-n-accordion-item-title-text\"> Download Info Flyer <\/div><\/span>\n\t\t\t\t\t\t\t<span class='e-n-accordion-item-title-icon'>\n\t\t\t<span class='e-opened' ><svg aria-hidden=\"true\" class=\"e-font-icon-svg e-fas-minus\" viewBox=\"0 0 448 512\" xmlns=\"http:\/\/www.w3.org\/2000\/svg\"><path d=\"M416 208H32c-17.67 0-32 14.33-32 32v32c0 17.67 14.33 32 32 32h384c17.67 0 32-14.33 32-32v-32c0-17.67-14.33-32-32-32z\"><\/path><\/svg><\/span>\n\t\t\t<span class='e-closed'><svg aria-hidden=\"true\" class=\"e-font-icon-svg e-fas-plus\" viewBox=\"0 0 448 512\" xmlns=\"http:\/\/www.w3.org\/2000\/svg\"><path d=\"M416 208H272V64c0-17.67-14.33-32-32-32h-32c-17.67 0-32 14.33-32 32v144H32c-17.67 0-32 14.33-32 32v32c0 17.67 14.33 32 32 32h144v144c0 17.67 14.33 32 32 32h32c17.67 0 32-14.33 32-32V304h144c17.67 0 32-14.33 32-32v-32c0-17.67-14.33-32-32-32z\"><\/path><\/svg><\/span>\n\t\t<\/span>\n\n\t\t\t\t\t\t<\/summary>\n\t\t\t\t<div role=\"region\" aria-labelledby=\"e-n-accordion-item-4470\" class=\"elementor-element elementor-element-55ba727 e-con-full e-flex e-con e-child\" data-id=\"55ba727\" data-element_type=\"container\" data-e-type=\"container\">\n\t\t<div role=\"region\" aria-labelledby=\"e-n-accordion-item-4470\" class=\"elementor-element elementor-element-d76f5f9 e-flex e-con-boxed e-con e-child\" data-id=\"d76f5f9\" data-element_type=\"container\" data-e-type=\"container\">\n\t\t\t\t\t<div class=\"e-con-inner\">\n\t\t\t\t<div class=\"elementor-element elementor-element-49b2395 elementor-widget elementor-widget-embedpress_pdf\" data-id=\"49b2395\" data-element_type=\"widget\" data-e-type=\"widget\" data-widget_type=\"embedpress_pdf.default\">\n\t\t\t\t<div class=\"elementor-widget-container\">\n\t\t\t\t\t    <div class=\"embedpress-document-embed ep-doc-c95a45bedbe6b3d66fa191d82d46e6f6 ose-document emebedpress-unit-percent \" data-thememode=\"default\" data-customcolor=\"\" data-toolbar=\"yes\" data-toolbar-position=\"top\" data-open=\"no\" data-presentation-mode=\"yes\" data-download=\"yes\" data-copy=\"yes\" data-add-image=\"yes\" data-rotate=\"yes\" data-details=\"yes\" data-id=\"embedpress-pdf-49b2395\" data-selection-tool=\"0\" data-scrolling=\"0\" data-spreads=\"-1\" style=\" max-width:100%; display: inline-block\">\n\n        \n                <div >\n\n                    <div id=\"ep-elementor-content-49b2395\" class=\"ep-elementor-content   ep-percentage-width   ep-content-protection-disabled\">\n                        <div id=\"49b2395\" class=\"ep-embed-content-wraper\">\n                            <div><iframe title=\"pflegemitdeutsch\" class=\"embedpress-embed-document-pdf embedpress-pdf-49b2395\" style=\"width: 600%!important;height: 600px;; max-width:100%; display: inline-block\" src=\"https:\/\/online-bildungsakademie-berlin.de\/wp-admin\/admin-ajax.php?action=get_flipbook_viewer&#038;file=https%3A%2F%2Fonline-bildungsakademie-berlin.de%2Fwp-content%2Fuploads%2F2026%2F02%2Fpflegemitdeutsch.pdf&#038;key=dGhlbWVNb2RlPWRlZmF1bHQmdG9vbGJhcj10cnVlJnBvc2l0aW9uPXRvcCZwcmVzZW50YXRpb249dHJ1ZSZsYXp5TG9hZD1mYWxzZSZkb3dubG9hZD15ZXMmY29weV90ZXh0PXllcyZhZGRfdGV4dD10cnVlJmRyYXc9eWVzJmFkZF9pbWFnZT10cnVlJnBkZl9yb3RhdGlvbj10cnVlJnBkZl9kZXRhaWxzPXRydWUmem9vbV9pbj10cnVlJnpvb21fb3V0PXRydWUmZml0X3ZpZXc9dHJ1ZSZib29rbWFyaz10cnVlJnNvdW5kPXRydWUmZmxpcGJvb2tfdG9vbGJhcl9wb3NpdGlvbj1ib3R0b20mc2VsZWN0aW9uX3Rvb2w9MCZzY3JvbGxpbmc9MCZzcHJlYWRzPS0xJmlzX3Byb19hY3RpdmU9MSZwYWdlTnVtYmVyPTEmd2F0ZXJtYXJrX3RleHQ9JndhdGVybWFya19mb250X3NpemU9NDgmd2F0ZXJtYXJrX2NvbG9yPSUyMzAwMDAwMCZ3YXRlcm1hcmtfb3BhY2l0eT0xNSZ3YXRlcm1hcmtfc3R5bGU9Y2VudGVy\" class=\"embedpress-embed-document-pdf embedpress-pdf-49b2395\" data-emid=\"embedpress-pdf-49b2395\" data-embed-type=\"PDF\" frameborder=\"0\"><\/iframe><\/div>                        <\/div>\n\n                    <\/div>\n\n\n                   \n                <\/div>\n            \n    <\/div>\n\n\t\t\t\t<\/div>\n\t\t\t\t<\/div>\n\t\t\t\t\t<\/div>\n\t\t\t\t<\/div>\n\t\t\t\t<\/div>\n\t\t\t\t\t<\/details>\n\t\t\t\t\t<\/div>\n\t\t\t\t\t\t<\/div>\n\t\t\t\t<\/div>\n\t\t\t\t<div class=\"elementor-element elementor-element-e84f687 ekit-equal-height-enable elementor-widget elementor-widget-elementskit-image-box\" data-id=\"e84f687\" data-element_type=\"widget\" data-e-type=\"widget\" data-widget_type=\"elementskit-image-box.default\">\n\t\t\t\t\t<div class=\"ekit-wid-con\" >\n            <div class=\"elementskit-info-image-box ekit-image-box text-left style-modern\" >\n\n                \n                <div class=\"elementskit-box-header image-box-img-left\">\n\n                    <img fetchpriority=\"high\" decoding=\"async\" width=\"2560\" height=\"1815\" src=\"https:\/\/online-bildungsakademie-berlin.de\/wp-content\/uploads\/2026\/02\/young-smiling-pretty-caucasian-schoolgirl-wearing-glasses-sits-desk-with-school-tools-looks-points-camera-isolated-green-space-with-copy-space-1-scaled.jpg\" class=\"attachment-full size-full wp-image-32520\" alt=\"\" srcset=\"https:\/\/online-bildungsakademie-berlin.de\/wp-content\/uploads\/2026\/02\/young-smiling-pretty-caucasian-schoolgirl-wearing-glasses-sits-desk-with-school-tools-looks-points-camera-isolated-green-space-with-copy-space-1-scaled.jpg 2560w, https:\/\/online-bildungsakademie-berlin.de\/wp-content\/uploads\/2026\/02\/young-smiling-pretty-caucasian-schoolgirl-wearing-glasses-sits-desk-with-school-tools-looks-points-camera-isolated-green-space-with-copy-space-1-300x213.jpg 300w, https:\/\/online-bildungsakademie-berlin.de\/wp-content\/uploads\/2026\/02\/young-smiling-pretty-caucasian-schoolgirl-wearing-glasses-sits-desk-with-school-tools-looks-points-camera-isolated-green-space-with-copy-space-1-1024x726.jpg 1024w, https:\/\/online-bildungsakademie-berlin.de\/wp-content\/uploads\/2026\/02\/young-smiling-pretty-caucasian-schoolgirl-wearing-glasses-sits-desk-with-school-tools-looks-points-camera-isolated-green-space-with-copy-space-1-768x545.jpg 768w, https:\/\/online-bildungsakademie-berlin.de\/wp-content\/uploads\/2026\/02\/young-smiling-pretty-caucasian-schoolgirl-wearing-glasses-sits-desk-with-school-tools-looks-points-camera-isolated-green-space-with-copy-space-1-1536x1089.jpg 1536w, https:\/\/online-bildungsakademie-berlin.de\/wp-content\/uploads\/2026\/02\/young-smiling-pretty-caucasian-schoolgirl-wearing-glasses-sits-desk-with-school-tools-looks-points-camera-isolated-green-space-with-copy-space-1-2048x1452.jpg 2048w, https:\/\/online-bildungsakademie-berlin.de\/wp-content\/uploads\/2026\/02\/young-smiling-pretty-caucasian-schoolgirl-wearing-glasses-sits-desk-with-school-tools-looks-points-camera-isolated-green-space-with-copy-space-1-scaled-600x425.jpg 600w\" sizes=\"(max-width: 2560px) 100vw, 2560px\" \/>\n                <\/div>\n                \n                <div class=\"elementskit-box-body ekit-image-box-body\">\n                    <div class=\"elementskit-box-content ekit-image-box-body-inner\">\n                                                <h3 class=\"elementskit-info-box-title\">\n\n                        Kursinformation\n                        \n                    <\/h3>\n                                                            <div class=\"elementskit-box-style-content\">\n                        <strong>Dauer:   8 Monate<br>\nUnterrichtsform:Teilzeit<br>F\u00f6rderung: Ja \u2013 <h3>F\u00f6rderung<\/h3>\nBei der Agentur f\u00fcr Arbeit oder dem Jobcenter erhalten Sie einen Berechtigungs- bzw. Verpflichtungsschein. F\u00fcr Arbeitssuchende werden die Kurskosten zu 100% \u00fcbernommen.\n<\/strong>                    <\/div>\n                                    <\/div>\n\n                            <\/div>\n            <\/div>\n    <\/div>\t\t\t\t<\/div>\n\t\t\t\t<div class=\"elementor-element elementor-element-4057a6b elementor-widget elementor-widget-elementskit-heading\" data-id=\"4057a6b\" data-element_type=\"widget\" data-e-type=\"widget\" data-widget_type=\"elementskit-heading.default\">\n\t\t\t\t\t<div class=\"ekit-wid-con\" ><div class=\"ekit-heading elementskit-section-title-wraper text_left   ekit_heading_tablet-   ekit_heading_mobile-\"><h2 class=\"ekit-heading--title elementskit-section-title  ekit-heading__title-has-border start\">Berufliche <span><span> Qualifizierung  <\/span><\/span><\/h2>\t\t\t\t<div class='ekit-heading__description'>\n\t\t\t\t\t<p>In diesem Kurs lernen internationale Arbeitskr\u00e4fte aus dem<strong> pflegerischen Bereich<\/strong> den sicheren Umgang mit der <strong>deutschen Sprache<\/strong> im beruflichen Alltag.<\/p>\n<p>Im Mittelpunkt steht die Kommunikation mit dem Patienten, \u00c4rzten und Kollegen.<\/p>\n<p>Mittels simulierten Situationen werden Dialoge, Untersuchungen und Berichte praktisch trainiert. Dar\u00fcber hinaus wird auch die allgemeine Grammatik der deutschen Sprache wiederholt und gefestigt.<\/p>\n<ul>\n<li>Schriftliche und m\u00fcndliche Spracheinstufung nach individueller Bedarfsanalyse<\/li>\n<li>Ausbau Ihrer Deutschkenntnisse in einem Face-to-Face Training mit muttersprachlichen Trainern mit maximalem Praxisbezug<\/li>\n<li>St\u00e4rkung Ihrer interkulturellen Kompetenz f\u00fcr den deutschen Markt<\/li>\n<li>Informationen zum Ablauf eines typischen Vorstellungsgespr\u00e4chs und zur Erstellung Ihrer Bewerbungsunterlagen<\/li>\n<\/ul>\n\t\t\t\t<\/div>\n\t\t\t<\/div><\/div>\t\t\t\t<\/div>\n\t\t\t\t\t<\/div>\n\t\t\t\t<\/div>\n\t\t<div class=\"elementor-element elementor-element-28ef677 e-flex e-con-boxed e-con e-parent\" data-id=\"28ef677\" data-element_type=\"container\" data-e-type=\"container\">\n\t\t\t\t\t<div class=\"e-con-inner\">\n\t\t\t\t<div class=\"elementor-element elementor-element-132338b elementor-widget elementor-widget-text-editor\" data-id=\"132338b\" data-element_type=\"widget\" data-e-type=\"widget\" data-widget_type=\"text-editor.default\">\n\t\t\t\t\t\t\t\t\t<h2>Zielgruppe:<\/h2><ul><li class=\"bullet-arrow\">Arbeitssuchende MigrantInnen, deren Deutschkenntnisse f\u00fcr die berufliche Integration im Pflegewesen nicht ausreichend sind<\/li><li class=\"bullet-arrow\">Arbeitssuchende InteressentInnen, deren deutschen Sprachkenntnissen wenigstens auf\u00a0<strong>B1-Niveau<\/strong>\u00a0liegen<\/li><li class=\"bullet-arrow\">BewerberInnen mit und ohne abgeschlossener Ausbildung<\/li><li class=\"bullet-arrow\">Berufsr\u00fcckkehrerInnen<\/li><\/ul><div class=\"elementor-element elementor-element-8dce5c6 elementor-widget elementor-widget-heading\" data-id=\"8dce5c6\" data-element_type=\"widget\" data-e-type=\"widget\" data-widget_type=\"heading.default\"><div class=\"elementor-widget-container\"><h2 class=\"elementor-heading-title elementor-size-default\">Kursinhalte:<\/h2><\/div><\/div><div class=\"elementor-element elementor-element-13d7ea1 elementor-widget elementor-widget-text-editor\" data-id=\"13d7ea1\" data-element_type=\"widget\" data-e-type=\"widget\" data-widget_type=\"text-editor.default\"><div class=\"elementor-widget-container\"><ul><li class=\"bullet-arrow\">Arbeitsanweisungen richtig verstehen<\/li><li class=\"bullet-arrow\">Beherrschung der pflegerischen Terminologie<\/li><li class=\"bullet-arrow\">Benennung von Hilfsmitteln und Ger\u00e4ten in der Pflege<\/li><li class=\"bullet-arrow\">Simulation von berufsbezogenen Alltagssituationen<\/li><li class=\"bullet-arrow\">Intensivtraining (Pflegedokumentation, Arbeitsberichte)<\/li><li class=\"bullet-arrow\">Kommunikation mit Patienten, Vorgesetzten, Kollegen<\/li><li class=\"bullet-arrow\">F\u00fchrung von Gespr\u00e4chen mit Angeh\u00f6rigen<\/li><li class=\"bullet-arrow\">Handlungsanweisungen verstehen und befolgen<\/li><li class=\"bullet-arrow\">Wiederholung und Erweiterung der deutschen Grammatik<\/li><li class=\"bullet-arrow\">Ein\u00fcben von konkreten Gespr\u00e4chssituationen<\/li><\/ul><\/div><\/div><div class=\"elementor-element elementor-element-395af01 elementor-widget elementor-widget-heading\" data-id=\"395af01\" data-element_type=\"widget\" data-e-type=\"widget\" data-widget_type=\"heading.default\"><div class=\"elementor-widget-container\"><h2 class=\"elementor-heading-title elementor-size-default\">Kursaufbau:<\/h2><\/div><\/div><div class=\"elementor-element elementor-element-7c40706 elementor-widget elementor-widget-text-editor\" data-id=\"7c40706\" data-element_type=\"widget\" data-e-type=\"widget\" data-widget_type=\"text-editor.default\"><div class=\"elementor-widget-container\"><ul><li class=\"bullet-arrow\"><strong>1. Modul:<\/strong>\u00a0Sprachliche F\u00f6rderung<\/li><li class=\"bullet-arrow\"><strong>2. Modul:<\/strong>\u00a0Berufswelt Pflege und Arbeitsmarkt<\/li><li class=\"bullet-arrow\"><strong>3. Modul:<\/strong>\u00a0Bewerbungstraining Ein Einstieg in den Pflege- und Demenzkurs ist direkt im Anschluss m\u00f6glich.<\/li><\/ul><\/div><\/div><p><br \/><br \/><\/p>\t\t\t\t\t\t\t\t<\/div>\n\t\t\t\t\t<\/div>\n\t\t\t\t<\/div>\n\t\t<div class=\"elementor-element elementor-element-62ca1dc e-flex e-con-boxed e-con e-parent\" data-id=\"62ca1dc\" data-element_type=\"container\" data-e-type=\"container\">\n\t\t\t\t\t<div class=\"e-con-inner\">\n\t\t\t\t<div class=\"elementor-element elementor-element-26b759c elementor-widget elementor-widget-heading\" data-id=\"26b759c\" data-element_type=\"widget\" data-e-type=\"widget\" data-widget_type=\"heading.default\">\n\t\t\t\t\t<h2 class=\"elementor-heading-title elementor-size-default\">Weitere Kurstermine:<\/h2>\t\t\t\t<\/div>\n\t\t\t\t<div class=\"elementor-element elementor-element-2f81af2 elementor-widget elementor-widget-shortcode\" data-id=\"2f81af2\" data-element_type=\"widget\" data-e-type=\"widget\" data-widget_type=\"shortcode.default\">\n\t\t\t\t\t\t\t<div class=\"elementor-shortcode\"><script>\t\tjQuery(function() {setTimeout(function(){\t\t\tjQuery(\"#lbg_evento_6\").lbg_evento({\t\t\t\tnowDate:\"2026\/4\/27-10:27\",\t\t\t\twidth:720,\t\t\t\tmonths_area_width:170,\t\t\t\tmonths_area_color:\"#ffffff\",\t\t\t\tcenterPlugin:true,\t\t\t\teventsListVerticalPadding:20,\t\t\t\teventsListHorizontalPadding:10,\t\t\t\teventTitleLeftMargin:15,\t\t\t\teventFirstDateFontSize:92,\t\t\t\teventSecondDateFontSize:20,\t\t\t\teventSecondDateMonthFontSize:18,\t\t\t\teventTitleFontSize:27,\t\t\t\teventInitialDetailsFontSize:18,\t\t\t\teventBottomBorderColor:\"#CCCCCC\",\t\t\t\teventBackgroundColor_odd:\"#ffffff\",\t\t\t\teventBackgroundColor_even:\"#ebebeb\",\t\t\t\teventBgDayColor_odd:\"#da0000\",\t\t\t\teventBgDayColor_even:\"#ebebeb\",\t\t\t\teventDateColor_odd:\"#444444\",\t\t\t\teventDateColor_even:\"#444444\",\t\t\t\teventTitleColor_odd:\"#444444\",\t\t\t\teventTitleColor_even:\"#444444\",\t\t\t\teventInitialDetailsColor_odd:\"#444444\",\t\t\t\teventInitialDetailsColor_even:\"#444444\",\t\t\t\tdressCode:\"Wichtige Informationen\",\t\t\t\tdressCodeFontSize:18,\t\t\t\tdressCodeColor_odd:\"#808080\",\t\t\t\tdressCodeColor_even:\"#808080\",\t\t\t\tsocialIconsColor_odd:\"#000000\",\t\t\t\tsocialIconsColor_even:\"#FFFFFF\",\t\t\t\tshortmonth_arr:[\"Jan\", \"Feb\", \"M\u00e4r\", \"Apr\", \"Mai\", \"Jun\", \"Jul\", \"Aug\", \"Sep\", \"Okt\", \"Nov\", \"Dez\"],\t\t\t\tlongdays_arr:[\"Sonntag\", \"Montag\", \"Dienstag\", \"Mittwoch\", \"Donerstag\", \"Freitag\", \"Samstag\"],\t\t\t\teventDaysBgColors_arr:[\"#fff000\", \"#00ffe0\", \"#ff780a\", \"#c96bb6\", \"#00ff36\", \"#ff00a8\", \"#008aff\"],\t\t\t\teventDaysColor:\"#FFFFFF\",\t\t\t\tuse24HoursFormat:false,\t\t\t\tnoEventsAvailableText:\"F\u00fcr diesen Monat sind keine Kurse geplant.\",\t\t\t\teventCancelledText:\"Abgesagt\",\t\t\t\tfullCalendarOnLeft:false,\t\t\t\tleftSideCalendarDaysColor:\"#707275\",\t\t\t\tleftSideCalendarPastMonthDaysColor:\"#aaaaaa\",\t\t\t\tleftSideCalendarNextMonthDaysColor:\"#aaaaaa\",\t\t\t\tleftSideCalendarCurrentDayColor:\"#2eb5c7\",\t\t\t\tleftSideCalendarEventDaysColor:\"#0000CC\",\t\t\t\tleftSideCalendarEventDaysBgColor:\"#2dbdbd\",\t\t\t\tleftSideCalendarDaysNameColor:\"#000000\",\t\t\t\tyearColor:\"#376fa7\",\t\t\t\tmonthColor:\"#444444\",\t\t\t\tmonthYearLineSeparatorColor:\"#da0000\",\t\t\t\tmonthsNextPrevArrowsColor:\"#da0000\",\t\t\t\tdetailsTitle:\"Details\",\t\t\t\twhenWhereTitle:\"Wichtige Ank\u00fcndigung f\u00fcr diese Kurse.\",\t\t\t\torganizerTitle:\"Organizer\",\t\t\t\tmoreDetailsText:\"Mehr Details hier\",\t\t\t\tmoreDetailsTarget:\"_blank\",\t\t\t\tshowFacebookBut:false,\t\t\t\tshowTwitterBut:false,\t\t\t\tshowPinterestBut:false,\t\t\t\tshowMonthFirstForDate:false,\t\t\t\tshowEndDate:false,\t\t\t\tshowEndedEvents:false,\t\t\t\tshowMonthsWithoutEvents:false,\t\t\t\tsearchInputText:\"Suchen...\",\t\t\t\tbookNowText:\"Mehr Erfahren\",\t\t\t\tbookNowLinkTarget:\"_self\",\t\t\t\tendedText:\"Ended\"\t\t\t});}, 100);\t\t});\t<\/script>    <div id=\"lbg_evento_6\">\t\t\t\t<div class=\"lbg_xeventslist\"><ul>\t\t                   <li class=\"xtitle\"><strong>n\u00e4chster Kursstart: <\/strong>Monatlicher Kursstart <h4>( Modularer Einstieg m\u00f6glich)<\/h4><\/li>\t\t                   <li class=\"xstartdate\">3\/23\/2026-0:0<\/li>\t\t                   <li class=\"xenddate\">8\/7\/2026-0:0<\/li>\t\t                   <li class=\"xaddress\">Kottbusser Str. 3 \u202210999 Berlin<\/li>\t\t                   <li class=\"xmainimage\"><\/li>\t\t                   <li class=\"xdetails\">Der Pflegebasiskurs im Betreuungsbereich stellt eine gro\u00dfe Herausforderung dar. Neben einem gro\u00dfen Herzen f\u00fcr pflegebed\u00fcrftige Menschen wird hohe Verantwortungsbereitschaft, Gewissenhaftigkeit und Verl\u00e4sslichkeit in der t\u00e4glichen Arbeit vorausgesetzt. Um diese Anforderungen erf\u00fcllen zu k\u00f6nnen, werden Sie von uns intensiv und zielgerichtet vorbereitet. Mit unserer langj\u00e4hrigen Erfahrung im Bereich der Weiterbildung, unseren kompetenten und motivierten Dozenten sowie einem systematisch aufgebauten Unterricht bereiten wir Sie optimal auf die berufliche Praxis vor.<\/li>\t\t\t\t\t\t\t\t\t\t\t <li class=\"xbooknowlink\"><\/li>\t\t                   <li class=\"xorganizer_logo\"><\/li>\t\t                   <li class=\"xorganizer_info\"><\/li>\t\t                   <li class=\"xmoreinfolink\">https:\/\/online-bildungsakademie-berlin.de\/naechster-kursstart-monatlicher-kursstart-individueller-einstieg-moeglich\/<\/li>\t\t                   <li class=\"xdresscode\"><\/li>\t\t                   <li class=\"xcancelled\">0<\/li>\t\t              <\/ul><ul>\t\t                   <li class=\"xtitle\"><strong>n\u00e4chster Kursstart: <\/strong>Monatlicher Kursstart <h4>( Modularer Einstieg m\u00f6glich)<\/h4><\/li>\t\t                   <li class=\"xstartdate\">4\/22\/2026-9:0<\/li>\t\t                   <li class=\"xenddate\">9\/4\/2026-15:0<\/li>\t\t                   <li class=\"xaddress\">Kottbusser Str. 3 \u202210999 Berlin<\/li>\t\t                   <li class=\"xmainimage\"><\/li>\t\t                   <li class=\"xdetails\">Der Pflegebasiskurs im Betreuungsbereich stellt eine gro\u00dfe Herausforderung dar. Neben einem gro\u00dfen Herzen f\u00fcr pflegebed\u00fcrftige Menschen wird hohe Verantwortungsbereitschaft, Gewissenhaftigkeit und Verl\u00e4sslichkeit in der t\u00e4glichen Arbeit vorausgesetzt. Um diese Anforderungen erf\u00fcllen zu k\u00f6nnen, werden Sie von uns intensiv und zielgerichtet vorbereitet. Mit unserer langj\u00e4hrigen Erfahrung im Bereich der Weiterbildung, unseren kompetenten und motivierten Dozenten sowie einem systematisch aufgebauten Unterricht bereiten wir Sie optimal auf die berufliche Praxis vor.<\/li>\t\t\t\t\t\t\t\t\t\t\t <li class=\"xbooknowlink\"><\/li>\t\t                   <li class=\"xorganizer_logo\"><\/li>\t\t                   <li class=\"xorganizer_info\"><\/li>\t\t                   <li class=\"xmoreinfolink\">https:\/\/online-bildungsakademie-berlin.de\/naechster-kursstart-monatlicher-kursstart-individueller-einstieg-moeglich-2\/<\/li>\t\t                   <li class=\"xdresscode\"><\/li>\t\t                   <li class=\"xcancelled\">0<\/li>\t\t              <\/ul><\/div>     <\/div>\t\t <br style=\"clear:both;\"><\/div>\n\t\t\t\t\t\t<\/div>\n\t\t\t\t\t<\/div>\n\t\t\t\t<\/div>\n\t\t\t\t<\/div>\n\t\t","protected":false},"excerpt":{"rendered":"<p><strong>Ma\u00dfnahmebezeichung: <\/strong><br \/>\nBerufsbezogenes Deutschkurs mit Qualifizierung zum Pflege-und Betreuungsassistenten<\/p>","protected":false},"author":1,"featured_media":32499,"comment_status":"closed","ping_status":"closed","template":"","course_category":[142],"course_tag":[123],"class_list":["post-35055","lp_course","type-lp_course","status-publish","has-post-thumbnail","hentry","course_category-deutschkurs","course_tag-kranken-altenpflege","course"],"_links":{"self":[{"href":"https:\/\/online-bildungsakademie-berlin.de\/en\/wp-json\/wp\/v2\/lp_course\/35055","targetHints":{"allow":["GET"]}}],"collection":[{"href":"https:\/\/online-bildungsakademie-berlin.de\/en\/wp-json\/wp\/v2\/lp_course"}],"about":[{"href":"https:\/\/online-bildungsakademie-berlin.de\/en\/wp-json\/wp\/v2\/types\/lp_course"}],"author":[{"embeddable":true,"href":"https:\/\/online-bildungsakademie-berlin.de\/en\/wp-json\/wp\/v2\/users\/1"}],"replies":[{"embeddable":true,"href":"https:\/\/online-bildungsakademie-berlin.de\/en\/wp-json\/wp\/v2\/comments?post=35055"}],"version-history":[{"count":9,"href":"https:\/\/online-bildungsakademie-berlin.de\/en\/wp-json\/wp\/v2\/lp_course\/35055\/revisions"}],"predecessor-version":[{"id":35085,"href":"https:\/\/online-bildungsakademie-berlin.de\/en\/wp-json\/wp\/v2\/lp_course\/35055\/revisions\/35085"}],"wp:featuredmedia":[{"embeddable":true,"href":"https:\/\/online-bildungsakademie-berlin.de\/en\/wp-json\/wp\/v2\/media\/32499"}],"wp:attachment":[{"href":"https:\/\/online-bildungsakademie-berlin.de\/en\/wp-json\/wp\/v2\/media?parent=35055"}],"wp:term":[{"taxonomy":"course_category","embeddable":true,"href":"https:\/\/online-bildungsakademie-berlin.de\/en\/wp-json\/wp\/v2\/course_category?post=35055"},{"taxonomy":"course_tag","embeddable":true,"href":"https:\/\/online-bildungsakademie-berlin.de\/en\/wp-json\/wp\/v2\/course_tag?post=35055"}],"curies":[{"name":"wp","href":"https:\/\/api.w.org\/{rel}","templated":true}]}}